{"id":8594,"date":"2020-09-16T13:43:16","date_gmt":"2020-09-16T20:43:16","guid":{"rendered":"https:\/\/truecare.org\/participe\/iniciativas-y-eventos-de-recaudacion-de-fondos\/"},"modified":"2025-10-31T15:42:14","modified_gmt":"2025-10-31T22:42:14","slug":"iniciativas-y-eventos-de-recaudacion-de-fondos","status":"publish","type":"page","link":"https:\/\/truecare.org\/es\/participe\/iniciativas-y-eventos-de-recaudacion-de-fondos\/","title":{"rendered":"Iniciativas y eventos de recaudaci\u00f3n de fondos"},"content":{"rendered":"<p>[et_pb_section fb_built=\u00bb1&#8243; _builder_version=\u00bb4.20.4&#8243; _module_preset=\u00bbdefault\u00bb background_color=\u00bb#1d969a\u00bb custom_padding=\u00bb0px||0px||false|false\u00bb saved_tabs=\u00bball\u00bb locked=\u00bboff\u00bb collapsed=\u00bbon\u00bb global_colors_info=\u00bb{}\u00bb][et_pb_row custom_padding_last_edited=\u00bbon|phone\u00bb _builder_version=\u00bb4.20.4&#8243; _module_preset=\u00bbdefault\u00bb custom_padding=\u00bb80px||50px||false|false\u00bb custom_padding_tablet=\u00bb80px||50px||false|false\u00bb custom_padding_phone=\u00bb50px||30px||false|false\u00bb collapsed=\u00bboff\u00bb global_colors_info=\u00bb{}\u00bb][et_pb_column type=\u00bb4_4&#8243; _builder_version=\u00bb4.20.4&#8243; _module_preset=\u00bbdefault\u00bb global_colors_info=\u00bb{}\u00bb][et_pb_text module_class=\u00bbforma\u00bb _builder_version=\u00bb4.20.4&#8243; _module_preset=\u00bbdefault\u00bb text_text_color=\u00bb#FFFFFF\u00bb text_font_size=\u00bb40px\u00bb text_line_height=\u00bb1.2em\u00bb header_text_color=\u00bb#FFFFFF\u00bb header_font_size=\u00bb40px\u00bb text_font_size_tablet=\u00bb35px\u00bb text_font_size_phone=\u00bb25px\u00bb text_font_size_last_edited=\u00bbon|phone\u00bb header_font_size_tablet=\u00bb\u00bb header_font_size_phone=\u00bb30px\u00bb header_font_size_last_edited=\u00bbon|phone\u00bb header_line_height_tablet=\u00bb\u00bb header_line_height_phone=\u00bb1.2em\u00bb header_line_height_last_edited=\u00bbon|phone\u00bb locked=\u00bboff\u00bb global_colors_info=\u00bb{}\u00bb]<\/p>\n<h1>Iniciativas y eventos de recaudaci\u00f3n de fondos TrueCare<\/h1>\n<p>[\/et_pb_text][\/et_pb_column][\/et_pb_row][\/et_pb_section][et_pb_section fb_built=\u00bb1&#8243; _builder_version=\u00bb4.20.4&#8243; _module_preset=\u00bbdefault\u00bb custom_padding=\u00bb0px||0px||false|false\u00bb global_module=\u00bb33533&#8243; saved_tabs=\u00bball\u00bb locked=\u00bboff\u00bb collapsed=\u00bbon\u00bb global_colors_info=\u00bb{}\u00bb][et_pb_row _builder_version=\u00bb4.20.4&#8243; _module_preset=\u00bbdefault\u00bb custom_padding=\u00bb40px||40px||false|false\u00bb collapsed=\u00bbon\u00bb global_colors_info=\u00bb{}\u00bb][et_pb_column type=\u00bb4_4&#8243; _builder_version=\u00bb4.20.4&#8243; _module_preset=\u00bbdefault\u00bb global_colors_info=\u00bb{}\u00bb][et_pb_text _builder_version=\u00bb4.27.4&#8243; _module_preset=\u00bbdefault\u00bb text_font_size=\u00bb15px\u00bb global_colors_info=\u00bb{}\u00bb]<\/p>\n<span><span><a href=\"https:\/\/truecare.org\/es\/\">Inicio<\/a><\/span><\/span>\n<p>[\/et_pb_text][\/et_pb_column][\/et_pb_row][\/et_pb_section][et_pb_section fb_built=\u00bb1&#8243; admin_label=\u00bb<\/p>\n<h2>Health for all.<\/h2>\n<p> \/ Body Copy &#8211; Section\u00bb _builder_version=\u00bb4.16&#8243; custom_padding=\u00bb0px||0px||false|false\u00bb locked=\u00bboff\u00bb collapsed=\u00bboff\u00bb global_colors_info=\u00bb{}\u00bb][et_pb_row custom_padding_last_edited=\u00bbon|tablet\u00bb admin_label=\u00bb&lt;h2&gt;Salud para todos.&lt;\/h2&gt; \/ Body Copy &#8211; Fila\u00bb _builder_version=\u00bb4.16&#8243; width_last_edited=\u00bboff|desktop\u00bb custom_margin_last_edited=\u00bboff|desktop\u00bb custom_padding=\u00bb0px||20px||false|false\u00bb custom_padding_tablet=\u00bb||8%||false|false\u00bb custom_padding_phone=\u00bb||10%||false|false\u00bb locked=\u00bboff\u00bb collapsed=\u00bbon\u00bb global_colors_info=\u00bb{}\u00bb][et_pb_column type=\u00bb4_4&#8243; _builder_version=\u00bb4.16&#8243; global_colors_info=\u00bb{}\u00bb][et_pb_text admin_label=\u00bb<\/p>\n<h2>Health for all.<\/h2>\n<p>\u00bb module_class=\u00bbforma-font\u00bb _builder_version=\u00bb4.20.4&#8243; header_text_color=\u00bb#e41b7a\u00bb header_line_height=\u00bb1.4em\u00bb header_2_text_color=\u00bb#f98909&#8243; header_2_font_size=\u00bb35px\u00bb header_2_line_height=\u00bb1.2em\u00bb custom_margin=\u00bb||20px||false|false\u00bb custom_padding=\u00bb||||false|false\u00bb header_font_size_tablet=\u00bb40px\u00bb header_font_size_phone=\u00bb30px\u00bb header_font_size_last_edited=\u00bbon|phone\u00bb header_2_font_size_tablet=\u00bb\u00bb header_2_font_size_phone=\u00bb26px\u00bb header_2_font_size_last_edited=\u00bbon|phone\u00bb locked=\u00bboff\u00bb global_colors_info=\u00bb{}\u00bb]<\/p>\n<h2>Salud para todos.<\/h2>\n<p>[\/et_pb_text][et_pb_text admin_label=\u00bbHelp support our mission\u00bb _builder_version=\u00bb4.16&#8243; text_line_height=\u00bb1.6em\u00bb header_text_color=\u00bb#e41b7a\u00bb custom_margin=\u00bb||40px||false|false\u00bb global_colors_info=\u00bb{}\u00bb]<\/p>\n<p><strong>Ayudar a respaldar nuestra misi\u00f3n<\/strong> de brindar servicios de atenci\u00f3n m\u00e9dica integrales, asequibles y culturalmente sensibles a las diversas comunidades a las que servimos.<\/p>\n<p>[\/et_pb_text][et_pb_text admin_label=\u00bbTrueCare Heart Icon SVG\u00bb _builder_version=\u00bb4.16&#8243; _module_preset=\u00bb22ee8a8f-faa5-4678-aaf7-7c37c4a5f4cc\u00bb custom_margin=\u00bb||0px||false|false\u00bb locked=\u00bboff\u00bb global_colors_info=\u00bb{}\u00bb]<img loading=\"lazy\" decoding=\"async\" src=\"https:\/\/truecare.org\/wp-content\/uploads\/2020\/07\/heart-nospace.svg\" width=\"50\" height=\"50\" alt=\"Icono del coraz\u00f3n TrueCare\" class=\"\">[\/et_pb_text][et_pb_divider color=\u00bb#c6c6c6&#8243; disabled_on=\u00bboff|off|off\u00bb _builder_version=\u00bb4.16&#8243; _module_preset=\u00bbdefault\u00bb custom_margin=\u00bb||0px||false|false\u00bb custom_padding=\u00bb20px||20px||false|false\u00bb locked=\u00bboff\u00bb global_colors_info=\u00bb{}\u00bb][\/et_pb_divider][et_pb_text disabled_on=\u00bboff|off|off\u00bb admin_label=\u00bbFeatured Event\u00bb module_class=\u00bbforma\u00bb _builder_version=\u00bb4.16&#8243; text_text_color=\u00bb#f88807&#8243; text_font_size=\u00bb30px\u00bb text_line_height=\u00bb1.2em\u00bb header_text_color=\u00bb#e41b7a\u00bb header_line_height=\u00bb1.4em\u00bb header_2_text_color=\u00bb#f98909&#8243; header_2_font_size=\u00bb30px\u00bb header_2_line_height=\u00bb1.2em\u00bb custom_margin=\u00bb||10px||false|false\u00bb custom_padding=\u00bb||||false|false\u00bb header_font_size_tablet=\u00bb40px\u00bb header_font_size_phone=\u00bb30px\u00bb header_font_size_last_edited=\u00bbon|phone\u00bb header_2_font_size_tablet=\u00bb\u00bb header_2_font_size_phone=\u00bb26px\u00bb header_2_font_size_last_edited=\u00bbon|phone\u00bb locked=\u00bboff\u00bb global_colors_info=\u00bb{}\u00bb]Evento destacado[\/et_pb_text][\/et_pb_column][\/et_pb_row][et_pb_row column_structure=\u00bb1_2,1_2&#8243; use_custom_gutter=\u00bbon\u00bb gutter_width=\u00bb2&#8243; disabled_on=\u00bboff|off|off\u00bb admin_label=\u00bbDetalles destacados del evento &#8211; Fila\u00bb _builder_version=\u00bb4.16&#8243; _module_preset=\u00bbdefault\u00bb custom_margin=\u00bb||50px||false|false\u00bb custom_padding=\u00bb0px||0px||false|false\u00bb collapsed=\u00bboff\u00bb global_colors_info=\u00bb{}\u00bb][et_pb_column type=\u00bb1_2&#8243; _builder_version=\u00bb4.16&#8243; _module_preset=\u00bbdefault\u00bb background_color=\u00bbrgba(0,0,0,0.13)\u00bb global_colors_info=\u00bb{}\u00bb][et_pb_image src=\u00bbhttps:\/\/truecare.org\/wp-content\/uploads\/truecare-events-gala-2026-save-the-date-featured-image-blog-700&#215;466-2.jpg\u00bb alt=\u00bb6th Annual Goat For Joe beneficia a TrueCare Behavioral Health\u00bb title_text=\u00bbtruecare-events-gala-2026-save-the-date-featured-image-blog-700&#215;466-2&#8243; show_bottom_space=\u00bboff\u00bb align=\u00bbcenter\u00bb admin_label=\u00bbFeatured Event image here\u00bb _builder_version=\u00bb4.27.4&#8243; _module_preset=\u00bbdefault\u00bb custom_padding=\u00bb50px||50px||false|false\u00bb hover_enabled=\u00bb0&#8243; global_colors_info=\u00bb{}\u00bb sticky_enabled=\u00bb0&#8243;][\/et_pb_image][\/et_pb_column][et_pb_column type=\u00bb1_2&#8243; _builder_version=\u00bb4.16&#8243; _module_preset=\u00bbdefault\u00bb global_colors_info=\u00bb{}\u00bb][et_pb_text admin_label=\u00bbFeatured Event title here\u00bb module_class=\u00bbforma\u00bb _builder_version=\u00bb4.27.4&#8243; text_text_color=\u00bb#e41b7a\u00bb text_font_size=\u00bb30px\u00bb text_line_height=\u00bb1.2em\u00bb header_text_color=\u00bb#e41b7a\u00bb header_line_height=\u00bb1.4em\u00bb header_2_text_color=\u00bb#f98909&#8243; header_2_font_size=\u00bb30px\u00bb header_2_line_height=\u00bb1.2em\u00bb custom_margin=\u00bb||10px||false|false\u00bb custom_padding=\u00bb||||false|false\u00bb header_font_size_tablet=\u00bb40px\u00bb header_font_size_phone=\u00bb30px\u00bb header_font_size_last_edited=\u00bbon|phone\u00bb header_2_font_size_tablet=\u00bb\u00bb header_2_font_size_phone=\u00bb26px\u00bb header_2_font_size_last_edited=\u00bbon|phone\u00bb locked=\u00bboff\u00bb global_colors_info=\u00bb{}\u00bb]ILUMINACI\u00d3N \/ La Gala TrueCare 2026[\/et_pb_text][et_pb_text admin_label=\u00bbFeatured Event date\/time here\u00bb module_class=\u00bbforma\u00bb _builder_version=\u00bb4.27.4&#8243; text_text_color=\u00bb#f88807&#8243; text_font_size=\u00bb20px\u00bb text_line_height=\u00bb1.8em\u00bb header_text_color=\u00bb#e41b7a\u00bb header_line_height=\u00bb1.4em\u00bb header_2_text_color=\u00bb#f98909&#8243; header_2_font_size=\u00bb30px\u00bb header_2_line_height=\u00bb1.2em\u00bb custom_margin=\u00bb||10px||false|false\u00bb custom_padding=\u00bb||||false|false\u00bb header_font_size_tablet=\u00bb40px\u00bb header_font_size_phone=\u00bb30px\u00bb header_font_size_last_edited=\u00bbon|phone\u00bb header_2_font_size_tablet=\u00bb\u00bb header_2_font_size_phone=\u00bb26px\u00bb header_2_font_size_last_edited=\u00bbon|phone\u00bb locked=\u00bboff\u00bb global_colors_info=\u00bb{}\u00bb]Fecha: S\u00e1bado 18 de abril de 2026<br \/>\nD\u00f3nde: The Rancho Bernardo Inn[\/et_pb_text][et_pb_text admin_label=\u00bbFeatured Event details here\u00bb _builder_version=\u00bb4.27.4&#8243; text_line_height=\u00bb1.6em\u00bb custom_margin=\u00bb||30px||false|false\u00bb locked=\u00bboff\u00bb global_colors_info=\u00bb{}\u00bb]<\/p>\n<p><strong>\u00danase a nosotros para una velada m\u00e1gica<\/strong> llena de entretenimiento e historias edificantes de vidas transformadas positivamente a trav\u00e9s del cuidado. Juntos, podemos crear un futuro mejor para nuestra comunidad. <\/p>\n<p>[\/et_pb_text][et_pb_button button_url=\u00bbhttps:\/\/fundraise.givesmart.com\/e\/l0mtZg\u00bb url_new_window=\u00bbon\u00bb button_text=\u00bbM\u00e1s informaci\u00f3n\u00bb disabled_on=\u00bboff|off|off\u00bb _builder_version=\u00bb4.27.4&#8243; _module_preset=\u00bb5790d6c4-469d-4fc6-9f94-dc783ce40319&#8243; locked=\u00bboff\u00bb global_colors_info=\u00bb{}\u00bb button_bg_enable_color__hover=\u00bbon\u00bb][\/et_pb_button][\/et_pb_column][\/et_pb_row][et_pb_row use_custom_gutter=\u00bbon\u00bb gutter_width=\u00bb2&#8243; disabled_on=\u00bboff|off|off\u00bb admin_label=\u00bbM\u00e1s eventos &#8211; Fila\u00bb _builder_version=\u00bb4.16&#8243; _module_preset=\u00bbdefault\u00bb custom_margin=\u00bb||40px||false|false\u00bb custom_padding=\u00bb0px||0px||false|false\u00bb collapsed=\u00bbon\u00bb global_colors_info=\u00bb{}\u00bb][et_pb_column type=\u00bb4_4&#8243; _builder_version=\u00bb4.16&#8243; _module_preset=\u00bbdefault\u00bb background_enable_color=\u00bboff\u00bb global_colors_info=\u00bb{}\u00bb][et_pb_text admin_label=\u00bbMore Events link\u00bb module_class=\u00bblink-pink pink-icon\u00bb _builder_version=\u00bb4.16&#8243; text_line_height=\u00bb1.6em\u00bb custom_margin=\u00bb||30px||false|false\u00bb locked=\u00bboff\u00bb global_colors_info=\u00bb{}\u00bb]<\/p>\n<p><i class=\"fal fa-calendar-alt\"><\/i> <a href=\"https:\/\/truecare.org\/es\/blog\/category\/eventos\/\">M\u00e1s eventos<\/a><\/p>\n<p>[\/et_pb_text][\/et_pb_column][\/et_pb_row][\/et_pb_section][et_pb_section fb_built=\u00bb1&#8243; disabled_on=\u00bbon|on|on\u00bb admin_label=\u00bbGreen Banner <\/p>\n<h3>Fundraising Initiatives<\/h3>\n<p> &#8211; Section\u00bb _builder_version=\u00bb4.16&#8243; use_background_color_gradient=\u00bbon\u00bb background_color_gradient_direction=\u00bb90deg\u00bb background_color_gradient_stops=\u00bb#1b989a 50%|#ffffff 50%\u00bb background_color_gradient_start=\u00bb#1b989a\u00bb background_color_gradient_start_position=\u00bb50%\u00bb background_color_gradient_end=\u00bb#ffffff\u00bb background_color_gradient_end_position=\u00bb50%\u00bb custom_padding=\u00bb0px||0px||false|false\u00bb background_last_edited=\u00bbon|desktop\u00bb background_enable_color_tablet=\u00bboff\u00bb background_color_gradient_end_tablet=\u00bb#1b989a\u00bb disabled=\u00bbon\u00bb locked=\u00bboff\u00bb collapsed=\u00bboff\u00bb global_colors_info=\u00bb{}\u00bb null_tablet=\u00bb#1b989a\u00bb][et_pb_row admin_label=\u00bbBandera verde &lt;h3&gt;Iniciativas de recaudaci\u00f3n de fondos&lt;\/h3&gt; &#8211; Fila\u00bb _builder_version=\u00bb4.16&#8243; background_color=\u00bb#1b989a\u00bb custom_padding=\u00bb50px||50px||false|false\u00bb collapsed=\u00bboff\u00bb global_colors_info=\u00bb{}\u00bb][et_pb_column type=\u00bb4_4&#8243; _builder_version=\u00bb4.16&#8243; background_enable_color=\u00bboff\u00bb background_color_gradient_direction=\u00bb90deg\u00bb custom_padding=\u00bb||||false|false\u00bb global_colors_info=\u00bb{}\u00bb][et_pb_text admin_label=\u00bb<\/p>\n<h3>Fundraising Initiatives<\/h3>\n<p>\u00bb module_class=\u00bbforma-font\u00bb _builder_version=\u00bb4.27.0&#8243; header_2_text_color=\u00bb#ffffff\u00bb header_2_font_size=\u00bb35px\u00bb header_2_line_height=\u00bb1.2em\u00bb header_3_text_color=\u00bb#ffffff\u00bb header_3_font_size=\u00bb35px\u00bb header_3_line_height=\u00bb1.2em\u00bb background_color=\u00bbrgba(0,0,0,0)\u00bb custom_margin=\u00bb||||false|false\u00bb custom_padding=\u00bb||||false|false\u00bb header_2_font_size_tablet=\u00bb\u00bb header_2_font_size_phone=\u00bb30px\u00bb header_2_font_size_last_edited=\u00bbon|phone\u00bb header_3_font_size_tablet=\u00bb\u00bb header_3_font_size_phone=\u00bb30px\u00bb header_3_font_size_last_edited=\u00bbon|phone\u00bb global_colors_info=\u00bb{}\u00bb]<\/p>\n<h3>Iniciativas de recaudaci\u00f3n de fondos<\/h3>\n<p>[\/et_pb_text][\/et_pb_column][\/et_pb_row][\/et_pb_section][et_pb_section fb_built=\u00bb1&#8243; disabled_on=\u00bbon|on|on\u00bb admin_label=\u00bbWith your help we can make a difference! &#8211; Section\u00bb _builder_version=\u00bb4.16&#8243; custom_padding=\u00bb0px||0px||false|false\u00bb disabled=\u00bbon\u00bb locked=\u00bboff\u00bb collapsed=\u00bboff\u00bb global_colors_info=\u00bb{}\u00bb][et_pb_row custom_padding_last_edited=\u00bboff|desktop\u00bb admin_label=\u00bb\u00a1Con tu ayuda podemos marcar la diferencia! &#8211; Fila\u00bb _builder_version=\u00bb4.16&#8243; width_last_edited=\u00bboff|desktop\u00bb custom_margin=\u00bb||60px||false|false\u00bb custom_margin_tablet=\u00bb||80px||false|false\u00bb custom_margin_phone=\u00bb||60px||false|false\u00bb custom_margin_last_edited=\u00bboff|desktop\u00bb custom_padding=\u00bb80px||0px||false|false\u00bb custom_padding_tablet=\u00bb||60px||false|false\u00bb custom_padding_phone=\u00bb||40px||false|false\u00bb locked=\u00bboff\u00bb collapsed=\u00bbon\u00bb global_colors_info=\u00bb{}\u00bb][et_pb_column type=\u00bb4_4&#8243; _builder_version=\u00bb4.16&#8243; global_colors_info=\u00bb{}\u00bb][et_pb_text admin_label=\u00bbWith your help we can make a difference!\u00bb module_class=\u00bbforma\u00bb _builder_version=\u00bb4.16&#8243; text_text_color=\u00bb#f88807&#8243; text_font_size=\u00bb30px\u00bb text_line_height=\u00bb1.2em\u00bb header_text_color=\u00bb#e41b7a\u00bb header_line_height=\u00bb1.4em\u00bb header_2_text_color=\u00bb#f98909&#8243; header_2_font_size=\u00bb30px\u00bb header_2_line_height=\u00bb1.2em\u00bb custom_margin=\u00bb||10px||false|false\u00bb custom_padding=\u00bb||||false|false\u00bb header_font_size_tablet=\u00bb40px\u00bb header_font_size_phone=\u00bb30px\u00bb header_font_size_last_edited=\u00bbon|phone\u00bb header_2_font_size_tablet=\u00bb\u00bb header_2_font_size_phone=\u00bb26px\u00bb header_2_font_size_last_edited=\u00bbon|phone\u00bb locked=\u00bboff\u00bb global_colors_info=\u00bb{}\u00bb]\u00a1Con tu ayuda podemos marcar la diferencia![\/et_pb_text][\/et_pb_column][\/et_pb_row][et_pb_row column_structure=\u00bb1_3,2_3&#8243; use_custom_gutter=\u00bbon\u00bb gutter_width=\u00bb2&#8243; disabled_on=\u00bbon|on|on\u00bb admin_label=\u00bbIniciativas actuales &#8211; Fila\u00bb _builder_version=\u00bb4.16&#8243; _module_preset=\u00bbdefault\u00bb custom_padding=\u00bb0px||50px||false|false\u00bb border_color_bottom=\u00bb#c6c6c6&#8243; disabled=\u00bbon\u00bb global_colors_info=\u00bb{}\u00bb][et_pb_column type=\u00bb1_3&#8243; _builder_version=\u00bb4.16&#8243; _module_preset=\u00bbdefault\u00bb global_colors_info=\u00bb{}\u00bb][et_pb_image src=\u00bbhttps:\/\/truecare.org\/wp-content\/uploads\/featured-event-laptop.jpg\u00bb title_text=\u00bbdestacado-evento-port\u00e1til\u00bb admin_label=\u00bbeConsults &#8211; Image\u00bb _builder_version=\u00bb4.16&#8243; _module_preset=\u00bbdefault\u00bb global_colors_info=\u00bb{}\u00bb][\/et_pb_image][\/et_pb_column][et_pb_column type=\u00bb2_3&#8243; _builder_version=\u00bb4.16&#8243; _module_preset=\u00bbdefault\u00bb global_colors_info=\u00bb{}\u00bb][et_pb_text admin_label=\u00bbeConsults &#8211; Expanding Care Through Technology\u00bb module_class=\u00bbforma\u00bb _builder_version=\u00bb4.16&#8243; text_text_color=\u00bb#f88807&#8243; text_font_size=\u00bb30px\u00bb text_line_height=\u00bb1.2em\u00bb header_text_color=\u00bb#e41b7a\u00bb header_line_height=\u00bb1.4em\u00bb header_2_text_color=\u00bb#f98909&#8243; header_2_font_size=\u00bb30px\u00bb header_2_line_height=\u00bb1.2em\u00bb custom_margin=\u00bb||10px||false|false\u00bb custom_padding=\u00bb||||false|false\u00bb header_font_size_tablet=\u00bb40px\u00bb header_font_size_phone=\u00bb30px\u00bb header_font_size_last_edited=\u00bbon|phone\u00bb header_2_font_size_tablet=\u00bb\u00bb header_2_font_size_phone=\u00bb26px\u00bb header_2_font_size_last_edited=\u00bbon|phone\u00bb locked=\u00bboff\u00bb global_colors_info=\u00bb{}\u00bb]Ampliar el cuidado a trav\u00e9s de la tecnolog\u00eda[\/et_pb_text][et_pb_text admin_label=\u00bbWith today\u2019s high demand for specialty care services\u00bb _builder_version=\u00bb4.16&#8243; text_line_height=\u00bb1.6em\u00bb custom_margin=\u00bb||30px||false|false\u00bb locked=\u00bboff\u00bb global_colors_info=\u00bb{}\u00bb]<\/p>\n<p><strong>Con la alta demanda actual de servicios de atenci\u00f3n especializada,<\/strong>puede ser dif\u00edcil conectar a nuestros pacientes directamente con los especialistas que necesitan. Usted puede ayudar haciendo una donaci\u00f3n a eConsults, una innovadora plataforma de consulta especializada en l\u00ednea que re\u00fane a m\u00e9dicos y especialistas de atenci\u00f3n primaria TrueCare.<\/p>\n<p>[\/et_pb_text][et_pb_button button_url=\u00bbhttps:\/\/truecare.org\/es\/en-obra\/\u00bb button_text=\u00bb\u00a1Dona hoy!\u00bb _builder_version=\u00bb4.16&#8243; _module_preset=\u00bb5790d6c4-469d-4fc6-9f94-dc783ce40319&#8243; locked=\u00bboff\u00bb global_colors_info=\u00bb{}\u00bb button_bg_enable_color__hover=\u00bbon\u00bb][\/et_pb_button][\/et_pb_column][\/et_pb_row][et_pb_row use_custom_gutter=\u00bbon\u00bb custom_padding_last_edited=\u00bboff|desktop\u00bb disabled_on=\u00bbon|on|on\u00bb admin_label=\u00bbAristaMD eConsults Toggle\/more content &#8211; Row\u00bb _builder_version=\u00bb4.16&#8243; custom_padding=\u00bb0px||0px||false|false\u00bb custom_padding_tablet=\u00bb60px||0px||false|false\u00bb custom_padding_phone=\u00bb||0px||false|false\u00bb disabled=\u00bbon\u00bb locked=\u00bboff\u00bb global_colors_info=\u00bb{}\u00bb][et_pb_column type=\u00bb4_4&#8243; _builder_version=\u00bb4.16&#8243; global_colors_info=\u00bb{}\u00bb][et_pb_toggle title=\u00bbAristaMD eConsults: Una asociaci\u00f3n de atenci\u00f3n &#8211; aprender m\u00e1s\u00bb open_toggle_text_color=\u00bb#e41b7a\u00bb open_toggle_background_color=\u00bb#ffffff\u00bb closed_toggle_background_color=\u00bb#ffffff\u00bb icon_color=\u00bb#5eb4b1&#8243; use_icon_font_size=\u00bbon\u00bb icon_font_size=\u00bb31px\u00bb open_icon_color=\u00bb#5eb4b1&#8243; open_use_icon_font_size=\u00bbon\u00bb open_icon_font_size=\u00bb31px\u00bb admin_label=\u00bbAristaMD eConsults Toggle\/more content\u00bb module_class=\u00bbtog-fund\u00bb _builder_version=\u00bb4.16&#8243; _module_preset=\u00bbdefault\u00bb title_text_color=\u00bb#e41b7a\u00bb title_font=\u00bb||||||||\u00bb title_font_size=\u00bb25px\u00bb title_line_height=\u00bb1.2em\u00bb body_line_height=\u00bb1.5em\u00bb custom_margin=\u00bb0px||0px||false|false\u00bb custom_padding=\u00bb30px||30px||false|false\u00bb border_width_all=\u00bb0px\u00bb border_width_top=\u00bb1px\u00bb border_color_top=\u00bb#a8a8a8&#8243; border_width_bottom=\u00bb1px\u00bb border_color_bottom=\u00bb#a8a8a8&#8243; global_colors_info=\u00bb{}\u00bb]<\/p>\n<p><strong>Al igual que muchos centros de salud federalmente calificados sin fines de lucro que trabajan con poblaciones de pacientes desatendidos,<\/strong>TrueCare enfrenta desaf\u00edos significativos en la obtenci\u00f3n de servicios de atenci\u00f3n especializada para sus pacientes. La investigaci\u00f3n ilustra claramente la dificultad a la que se enfrentan los pacientes de Medicaid\/Medi-Cal y Medicare en 15 grandes ciudades de los Estados Unidos, incluyendo San Diego, para acceder a servicios de atenci\u00f3n especializada. Por ejemplo, la encuesta encontr\u00f3 que en San Diego, estos pacientes soportan tiempos de espera m\u00e1s largos (18 d\u00edas) para citas con un Cirujano Ortop\u00e9dico que cualquiera de las otras 14 ciudades encuestadas. En otro ejemplo, s\u00f3lo el 10% de los dermat\u00f3logos de San Diego encuestados realmente aceptaron pacientes de Medicaid\/Medi-Cal.<\/p>\n<p><strong>En TrueCare, la demanda de servicios de atenci\u00f3n especializada tiene un promedio de entre 2.500 y 3.000 referencias al mes,<\/strong>pero solo alrededor del 35% de estos pacientes terminan obteniendo ese servicio por una serie de razones que incluyen asequibilidad, acceso y geograf\u00eda. A menudo, esto lleva a que los pacientes no reciban el nivel de atenci\u00f3n que requieren.<\/p>\n<p><strong>Dada la dificultad de conectar a nuestros pacientes directamente con especialistas, la<\/strong>Dra. Denise Gomez y el Dr. Patrick Tellez se encuentran con una soluci\u00f3n ingeniosa: desarrollar una plataforma de consulta especializada en l\u00ednea (eConsults). Estos innovadores proveedores de pensamiento se asociaron con AristaMD, con sede en San Diego, para colaborar, probar y comercializar una plataforma que re\u00fane a m\u00e9dicos de atenci\u00f3n primaria y especialistas.<\/p>\n<p class=\"green\"><strong><em>\u00abEsencialmente, utilizando nuestra plataforma, los m\u00e9dicos de atenci\u00f3n primaria de NCHS pueden compartir sus notas cl\u00ednicas con especialistas que participan en la red AristaMD. Pueden proporcionar de forma remota a los m\u00e9dicos de atenci\u00f3n primaria TrueCare consultas especializadas, proporcionando su experiencia en el momento de la visita que conducen a una mejor atenci\u00f3n y resultados para sus pacientes.\u00bb<\/em><\/strong><br \/><strong> &#8211; CEO de AristaMD, Brook LeVasseur<\/strong><\/p>\n<p><strong>Hasta la fecha, el 72% de los eConsults de TrueCare han sustituido a una visita de especialistas, y el 91% ha influido en la atenci\u00f3n brindada al paciente; esto es mucho m\u00e1s alto que el promedio nacional del 25%<\/strong>. Debido a los niveles de \u00e9xito significativamente m\u00e1s altos de TrueCare con eConsult, TrueCare propone expandir y aumentar el uso de AristaMD entre todos los proveedores de TrueCare.<\/p>\n<p class=\"green\"><em><strong>\u00abLos resultados han superado nuestras expectativas en t\u00e9rminos de la facilidad de adoptar el servicio de AristaMD en el flujo de trabajo de la atenci\u00f3n primaria y los resultados que estamos presenciando con nuestros pacientes\u00bb.<\/strong><\/em><br \/><strong> &#8211; Dr. Patricio T\u00e9llez<\/strong><\/p>\n<p><strong>TrueCare se compromete a satisfacer las necesidades de nuestros pacientes y a<\/strong> utilizar soluciones innovadoras para seguir logrando su misi\u00f3n; Mejorar el estado de salud de nuestras diversas comunidades al brindar atenci\u00f3n m\u00e9dica de calidad que sea integral, asequible y culturalmente sensible.<\/p>\n<p class=\"pink\"><strong>Estad\u00edsticas de 2018:<\/strong><\/p>\n<ul>\n<li><strong>2.968 Total eConsults<\/strong> &#8211; Consulta de proveedores con especialistas a trav\u00e9s de Internet\n<li><strong>77% de las eConsultas<\/strong> que resolvieron el problema del paciente para que no fuera necesaria una visita al especialista<\/li>\n<\/ul>\n<p><img loading=\"lazy\" decoding=\"async\" src=\"https:\/\/truecare.org\/wp-content\/uploads\/arista-md.gif\" width=\"236\" height=\"54\" alt=\"\" class=\"\"><\/p>\n<p><a href=\"https:\/\/truecare.org\/es\/en-obra\/\">\u00a1Dona hoy!<\/a><\/p>\n<p>[\/et_pb_toggle][\/et_pb_column][\/et_pb_row][et_pb_row column_structure=\u00bb1_3,2_3&#8243; use_custom_gutter=\u00bbon\u00bb gutter_width=\u00bb2&#8243; disabled_on=\u00bbon|on|on\u00bb admin_label=\u00bbGiving Tuesday &#8211; Fila\u00bb _builder_version=\u00bb4.27.4&#8243; _module_preset=\u00bbdefault\u00bb custom_margin=\u00bb80px||80px||false|false\u00bb custom_padding=\u00bb0px||80px||false|false\u00bb border_width_bottom=\u00bb1px\u00bb border_color_bottom=\u00bb#c6c6c6&#8243; disabled=\u00bbon\u00bb locked=\u00bboff\u00bb collapsed=\u00bbon\u00bb global_colors_info=\u00bb{}\u00bb][et_pb_column type=\u00bb1_3&#8243; _builder_version=\u00bb4.16&#8243; _module_preset=\u00bbdefault\u00bb global_colors_info=\u00bb{}\u00bb][et_pb_image src=\u00bbhttps:\/\/truecare.org\/wp-content\/uploads\/Giving-Tuesday-2024-website-image-338&#215;338-1.png\u00bb alt=\u00bbGiving Tuesday 2022 \u00bb title_text=\u00bbGiving-martes-2024-web-imagen-338&#215;338&#8243; url=\u00bbhttps:\/\/truecare.org\/es\/participe\/giving-tuesday-2023\/\u00bb admin_label=\u00bbGiving Tuesday Image\u00bb _builder_version=\u00bb4.27.0&#8243; _module_preset=\u00bbdefault\u00bb global_colors_info=\u00bb{}\u00bb][\/et_pb_image][\/et_pb_column][et_pb_column type=\u00bb2_3&#8243; _builder_version=\u00bb4.16&#8243; _module_preset=\u00bbdefault\u00bb global_colors_info=\u00bb{}\u00bb][et_pb_text admin_label=\u00bb#givingtuesday \/ The Greatest Gift of All\u00bb module_class=\u00bbforma\u00bb _builder_version=\u00bb4.27.0&#8243; text_text_color=\u00bb#f88807&#8243; text_font_size=\u00bb30px\u00bb text_line_height=\u00bb1.3em\u00bb header_text_color=\u00bb#e41b7a\u00bb header_line_height=\u00bb1.4em\u00bb header_2_text_color=\u00bb#f98909&#8243; header_2_font_size=\u00bb30px\u00bb header_2_line_height=\u00bb1.2em\u00bb custom_margin=\u00bb||10px||false|false\u00bb custom_padding=\u00bb||||false|false\u00bb header_font_size_tablet=\u00bb40px\u00bb header_font_size_phone=\u00bb30px\u00bb header_font_size_last_edited=\u00bbon|phone\u00bb header_2_font_size_tablet=\u00bb\u00bb header_2_font_size_phone=\u00bb26px\u00bb header_2_font_size_last_edited=\u00bbon|phone\u00bb locked=\u00bboff\u00bb global_colors_info=\u00bb{}\u00bb]<span style=\"color: #e41b7a;\"><br \/>\n#givingtuesdayEl regalo m\u00e1s grande de todos<\/span>[\/et_pb_text][et_pb_text admin_label=\u00bb#GivingTuesday is a global generosity movement\u00bb module_class=\u00bbpink\u00bb _builder_version=\u00bb4.27.0&#8243; text_line_height=\u00bb1.6em\u00bb custom_margin=\u00bb||30px||false|false\u00bb locked=\u00bboff\u00bb global_colors_info=\u00bb{}\u00bb]<\/p>\n<p><strong style=\"color:#646464;\">#GivingTuesday es un movimiento de generosidad global<\/strong> que libera el poder de las personas y las organizaciones para transformar sus comunidades y el mundo.<\/p>\n<p><strong style=\"color:#646464;\">Este a\u00f1o, su donaci\u00f3n ayuda a apoyar:<\/strong>\n<\/p>\n<ul>\n<li>Pruebas de laboratorio para la visita del reci\u00e9n nacido<\/li>\n<li>Tratamientos con fl\u00faor para ni\u00f1os<\/li>\n<li>Evaluaciones orales para ni\u00f1os<\/li>\n<li>Visitas al consultorio de salud conductual<\/li>\n<li>Visitas completas e integrales para reci\u00e9n nacidos<\/li>\n<\/ul>\n<p><a href=\"https:\/\/truecare.org\/es\/participe\/martes-de-donaciones-2024\/\">Con tu ayuda esperamos recaudar $5,000 este #GivingTuesday<\/a>. Su contribuci\u00f3n nos ayudar\u00e1 a alcanzar e incluso superar nuestro objetivo.<\/p>\n<p>[\/et_pb_text][et_pb_button button_url=\u00bbhttps:\/\/truecare.org\/es\/participe\/martes-de-donaciones-2024\/\u00bb button_text=\u00bb\u00a1Done hoy!\u00bb admin_label=\u00bbDonate now!\u00bb _builder_version=\u00bb4.27.0&#8243; _module_preset=\u00bb5790d6c4-469d-4fc6-9f94-dc783ce40319&#8243; locked=\u00bboff\u00bb global_colors_info=\u00bb{}\u00bb button_bg_enable_color__hover=\u00bbon\u00bb][\/et_pb_button][\/et_pb_column][\/et_pb_row][et_pb_row column_structure=\u00bb1_3,2_3&#8243; use_custom_gutter=\u00bbon\u00bb gutter_width=\u00bb2&#8243; disabled_on=\u00bbon|on|on\u00bb admin_label=\u00bbTu generosidad cambia vidas &#8211; Row\u00bb _builder_version=\u00bb4.16&#8243; _module_preset=\u00bbdefault\u00bb custom_margin=\u00bb80px||80px||false|false\u00bb custom_padding=\u00bb0px||80px||false|false\u00bb border_width_bottom=\u00bb1px\u00bb border_color_bottom=\u00bb#c6c6c6&#8243; disabled=\u00bbon\u00bb locked=\u00bboff\u00bb collapsed=\u00bbon\u00bb global_colors_info=\u00bb{}\u00bb][et_pb_column type=\u00bb1_3&#8243; _builder_version=\u00bb4.16&#8243; _module_preset=\u00bbdefault\u00bb global_colors_info=\u00bb{}\u00bb][et_pb_image src=\u00bbhttps:\/\/truecare.org\/wp-content\/uploads\/truecare-donate-now-fundraisining-initiatives.jpg\u00bb alt=\u00bbLa pediatra de la mujer adulta media y la ni\u00f1a preescolar irreconocible golpean el codo y usan m\u00e1scaras protectoras debido a la epidemia de coronavirus.\u00bb title_text=\u00bbtruecare-donate-now-fundraising-initiatives\u00bb url=\u00bbhttps:\/\/truecare.org\/es\/participe\/donar-ahora\/\u00bb admin_label=\u00bbPresidents Circle Image\u00bb _builder_version=\u00bb4.16&#8243; _module_preset=\u00bbdefault\u00bb global_colors_info=\u00bb{}\u00bb][\/et_pb_image][\/et_pb_column][et_pb_column type=\u00bb2_3&#8243; _builder_version=\u00bb4.16&#8243; _module_preset=\u00bbdefault\u00bb global_colors_info=\u00bb{}\u00bb][et_pb_text admin_label=\u00bbYour Generosity Changes Lives!\u00bb module_class=\u00bbforma\u00bb _builder_version=\u00bb4.16&#8243; text_text_color=\u00bb#f88807&#8243; text_font_size=\u00bb30px\u00bb text_line_height=\u00bb1.2em\u00bb header_text_color=\u00bb#e41b7a\u00bb header_line_height=\u00bb1.4em\u00bb header_2_text_color=\u00bb#f98909&#8243; header_2_font_size=\u00bb30px\u00bb header_2_line_height=\u00bb1.2em\u00bb custom_margin=\u00bb||10px||false|false\u00bb custom_padding=\u00bb||||false|false\u00bb header_font_size_tablet=\u00bb40px\u00bb header_font_size_phone=\u00bb30px\u00bb header_font_size_last_edited=\u00bbon|phone\u00bb header_2_font_size_tablet=\u00bb\u00bb header_2_font_size_phone=\u00bb26px\u00bb header_2_font_size_last_edited=\u00bbon|phone\u00bb locked=\u00bboff\u00bb global_colors_info=\u00bb{}\u00bb]\u00a1Tu generosidad cambia vidas![\/et_pb_text][et_pb_text admin_label=\u00bbThanks to your generosity we\u2019ve reached 50%\u00bb module_class=\u00bbpink\u00bb _builder_version=\u00bb4.16.0&#8243; text_line_height=\u00bb1.6em\u00bb custom_margin=\u00bb||30px||false|false\u00bb locked=\u00bboff\u00bb global_colors_info=\u00bb{}\u00bb]<\/p>\n<p><strong style=\"color:#646464;\">En estos tiempos sin precedentes, el acceso a una atenci\u00f3n m\u00e9dica asequible es m\u00e1s importante que nunca.<\/strong>  Durante m\u00e1s de 50 a\u00f1os, TrueCare ha brindado atenci\u00f3n m\u00e9dica sincera a las comunidades a las que servimos, independientemente del estado del seguro o la capacidad de pago.  <strong style=\"color: #e41b7a;\">Pero no podemos hacerlo solos.<\/strong><\/p>\n<p><strong style=\"color:#646464;\">Sus contribuciones le ayudar\u00e1n a:<\/strong>\n<\/p>\n<ul>\n<li>Nuestros esfuerzos de socorro COVID-19<\/li>\n<li>Proporcionar visitas de salud virtuales cr\u00edticas a los miembros de la comunidad que lo necesiten<\/li>\n<li>Apoyar los servicios de transporte para ayudar a los pacientes a llegar a sus citas<\/li>\n<li>Ampl\u00ede nuestras capacidades de bienestar m\u00f3vil en 2022<\/li>\n<\/ul>\n<p><strong style=\"color: #f88807;\">#HealthCareForAll<\/strong><\/p>\n<p>[\/et_pb_text][et_pb_button button_url=\u00bbhttps:\/\/truecare.org\/es\/participe\/donar-ahora\/\u00bb button_text=\u00bb\u00a1Dona ahora!\u00bb admin_label=\u00bbDonate now!\u00bb _builder_version=\u00bb4.16&#8243; _module_preset=\u00bb5790d6c4-469d-4fc6-9f94-dc783ce40319&#8243; locked=\u00bboff\u00bb global_colors_info=\u00bb{}\u00bb button_bg_enable_color__hover=\u00bbon\u00bb][\/et_pb_button][\/et_pb_column][\/et_pb_row][et_pb_row column_structure=\u00bb1_3,2_3&#8243; use_custom_gutter=\u00bbon\u00bb gutter_width=\u00bb2&#8243; disabled_on=\u00bbon|on|on\u00bb admin_label=\u00bbUnirse al C\u00edrculo del Presidente de TrueCare- Row\u00bb _builder_version=\u00bb4.16&#8243; _module_preset=\u00bbdefault\u00bb custom_margin=\u00bb80px||80px||false|false\u00bb custom_padding=\u00bb0px||80px||false|false\u00bb border_width_bottom=\u00bb1px\u00bb border_color_bottom=\u00bb#c6c6c6&#8243; disabled=\u00bbon\u00bb locked=\u00bboff\u00bb global_colors_info=\u00bb{}\u00bb][et_pb_column type=\u00bb1_3&#8243; _builder_version=\u00bb4.16&#8243; _module_preset=\u00bbdefault\u00bb global_colors_info=\u00bb{}\u00bb][et_pb_image src=\u00bbhttps:\/\/truecare.org\/wp-content\/uploads\/events-doctor-child.jpg\u00bb alt=\u00bbBeb\u00e9 visitando a un m\u00e9dico de TrueCare para un osito de peluche de chequeo en el fondo\u00bb title_text=\u00bbeventos-doctor-ni\u00f1o\u00bb admin_label=\u00bbPresidents Circle Image\u00bb _builder_version=\u00bb4.16&#8243; _module_preset=\u00bbdefault\u00bb global_colors_info=\u00bb{}\u00bb][\/et_pb_image][\/et_pb_column][et_pb_column type=\u00bb2_3&#8243; _builder_version=\u00bb4.16&#8243; _module_preset=\u00bbdefault\u00bb global_colors_info=\u00bb{}\u00bb][et_pb_text admin_label=\u00bbJoin the TrueCare President\u2019s Circle\u00bb module_class=\u00bbforma\u00bb _builder_version=\u00bb4.16&#8243; text_text_color=\u00bb#f88807&#8243; text_font_size=\u00bb30px\u00bb text_line_height=\u00bb1.2em\u00bb header_text_color=\u00bb#e41b7a\u00bb header_line_height=\u00bb1.4em\u00bb header_2_text_color=\u00bb#f98909&#8243; header_2_font_size=\u00bb30px\u00bb header_2_line_height=\u00bb1.2em\u00bb custom_margin=\u00bb||10px||false|false\u00bb custom_padding=\u00bb||||false|false\u00bb header_font_size_tablet=\u00bb40px\u00bb header_font_size_phone=\u00bb30px\u00bb header_font_size_last_edited=\u00bbon|phone\u00bb header_2_font_size_tablet=\u00bb\u00bb header_2_font_size_phone=\u00bb26px\u00bb header_2_font_size_last_edited=\u00bbon|phone\u00bb locked=\u00bboff\u00bb global_colors_info=\u00bb{}\u00bb]Unirse al C\u00edrculo del Presidente de TrueCare[\/et_pb_text][et_pb_text admin_label=\u00bbYour support of this vital TrueCare fundraising initiative\u00bb _builder_version=\u00bb4.16&#8243; text_line_height=\u00bb1.6em\u00bb custom_margin=\u00bb||30px||false|false\u00bb locked=\u00bboff\u00bb global_colors_info=\u00bb{}\u00bb]<\/p>\n<p><strong>Su apoyo a esta iniciativa vital de recaudaci\u00f3n de fondos de TrueCare<\/strong> ayuda a mejorar nuestros programas y servicios de atenci\u00f3n m\u00e9dica al tiempo que garantiza un nivel de vida m\u00e1s saludable para nuestros 65,000+ pacientes en el norte del condado de San Diego y el condado de Riverside. \u00a1Juntos podemos crear una comunidad m\u00e1s saludable!<\/p>\n<p>[\/et_pb_text][et_pb_button button_url=\u00bbhttps:\/\/truecare.org\/es\/?page_id=8605&#8243; button_text=\u00bb\u00a1Hazte miembro!\u00bb _builder_version=\u00bb4.16&#8243; _module_preset=\u00bb5790d6c4-469d-4fc6-9f94-dc783ce40319&#8243; locked=\u00bboff\u00bb global_colors_info=\u00bb{}\u00bb button_bg_enable_color__hover=\u00bbon\u00bb][\/et_pb_button][\/et_pb_column][\/et_pb_row][\/et_pb_section][et_pb_section fb_built=\u00bb1&#8243; admin_label=\u00bbGreen Banner Green Banner <\/p>\n<h3>Upcoming Events<\/h3>\n<p> &#8211; Section\u00bb _builder_version=\u00bb4.16&#8243; use_background_color_gradient=\u00bbon\u00bb background_color_gradient_direction=\u00bb90deg\u00bb background_color_gradient_stops=\u00bb#1b989a 50%|#ffffff 50%\u00bb background_color_gradient_start=\u00bb#1b989a\u00bb background_color_gradient_start_position=\u00bb50%\u00bb background_color_gradient_end=\u00bb#ffffff\u00bb background_color_gradient_end_position=\u00bb50%\u00bb custom_margin=\u00bb||||false|false\u00bb custom_margin_tablet=\u00bb||80px||false|false\u00bb custom_margin_phone=\u00bb||60px||false|false\u00bb custom_margin_last_edited=\u00bboff|desktop\u00bb custom_padding=\u00bb0px||0px||false|false\u00bb background_last_edited=\u00bbon|desktop\u00bb background_enable_color_tablet=\u00bboff\u00bb background_color_gradient_end_tablet=\u00bb#1b989a\u00bb locked=\u00bboff\u00bb collapsed=\u00bbon\u00bb global_colors_info=\u00bb{}\u00bb null_tablet=\u00bb#1b989a\u00bb][et_pb_row admin_label=\u00bbBandera verde &lt;h3&gt;Pr\u00f3ximos Eventos&lt;\/h3&gt; &#8211; Fila\u00bb _builder_version=\u00bb4.16&#8243; background_color=\u00bb#1b989a\u00bb custom_padding=\u00bb50px||50px||false|false\u00bb collapsed=\u00bbon\u00bb global_colors_info=\u00bb{}\u00bb][et_pb_column type=\u00bb4_4&#8243; _builder_version=\u00bb4.16&#8243; background_enable_color=\u00bboff\u00bb background_color_gradient_direction=\u00bb90deg\u00bb custom_padding=\u00bb||||false|false\u00bb global_colors_info=\u00bb{}\u00bb][et_pb_text admin_label=\u00bb<\/p>\n<h3>Upcoming Events<\/h3>\n<p>\u00bb module_class=\u00bbforma-font\u00bb _builder_version=\u00bb4.16&#8243; header_2_text_color=\u00bb#ffffff\u00bb header_2_font_size=\u00bb35px\u00bb header_2_line_height=\u00bb1.2em\u00bb header_3_text_color=\u00bb#ffffff\u00bb header_3_font_size=\u00bb35px\u00bb header_3_line_height=\u00bb1.2em\u00bb background_color=\u00bbrgba(0,0,0,0)\u00bb custom_margin=\u00bb||||false|false\u00bb custom_padding=\u00bb||||false|false\u00bb header_2_font_size_tablet=\u00bb\u00bb header_2_font_size_phone=\u00bb30px\u00bb header_2_font_size_last_edited=\u00bbon|phone\u00bb header_3_font_size_tablet=\u00bb\u00bb header_3_font_size_phone=\u00bb30px\u00bb header_3_font_size_last_edited=\u00bbon|phone\u00bb global_colors_info=\u00bb{}\u00bb]<\/p>\n<h3>Pr\u00f3ximos Eventos<\/h3>\n<p>[\/et_pb_text][\/et_pb_column][\/et_pb_row][\/et_pb_section][et_pb_section fb_built=\u00bb1&#8243; admin_label=\u00bbBlog Feed &#8211; Section\u00bb _builder_version=\u00bb4.16&#8243; _module_preset=\u00bbdefault\u00bb custom_padding=\u00bb0px||0px||false|false\u00bb collapsed=\u00bbon\u00bb global_colors_info=\u00bb{}\u00bb][et_pb_row module_id=\u00bbblog-grid\u00bb _builder_version=\u00bb4.16&#8243; _module_preset=\u00bbdefault\u00bb custom_padding=\u00bb80px||0px||false|false\u00bb collapsed=\u00bbon\u00bb global_colors_info=\u00bb{}\u00bb][et_pb_column type=\u00bb4_4&#8243; _builder_version=\u00bb4.16&#8243; _module_preset=\u00bbdefault\u00bb global_colors_info=\u00bb{}\u00bb][et_pb_blog fullwidth=\u00bboff\u00bb posts_number=\u00bb3&#8243; include_categories=\u00bb74&#8243; show_author=\u00bboff\u00bb show_pagination=\u00bboff\u00bb _builder_version=\u00bb4.16.0&#8243; _module_preset=\u00bbdefault\u00bb header_text_color=\u00bb#e41b7a\u00bb header_font_size=\u00bb25px\u00bb header_line_height=\u00bb1.2em\u00bb body_line_height=\u00bb1.5em\u00bb meta_text_color=\u00bb#1b989a\u00bb meta_font_size=\u00bb17px\u00bb meta_line_height=\u00bb1.4em\u00bb border_width_all=\u00bb0px\u00bb global_colors_info=\u00bb{}\u00bb][\/et_pb_blog][\/et_pb_column][\/et_pb_row][et_pb_row custom_padding_last_edited=\u00bboff|desktop\u00bb admin_label=\u00bbIcono del coraz\u00f3n SVG \/ Todos los eventos CTA\u00bb _builder_version=\u00bb4.16&#8243; width_last_edited=\u00bboff|desktop\u00bb custom_margin=\u00bb||||false|false\u00bb custom_margin_tablet=\u00bb||80px||false|false\u00bb custom_margin_phone=\u00bb||60px||false|false\u00bb custom_margin_last_edited=\u00bboff|desktop\u00bb custom_padding=\u00bb80px||100px||false|false\u00bb custom_padding_tablet=\u00bb||60px||false|false\u00bb custom_padding_phone=\u00bb||40px||false|false\u00bb locked=\u00bboff\u00bb global_colors_info=\u00bb{}\u00bb][et_pb_column type=\u00bb4_4&#8243; _builder_version=\u00bb4.16&#8243; global_colors_info=\u00bb{}\u00bb][et_pb_text admin_label=\u00bbTrueCare Heart Icon SVG\u00bb _builder_version=\u00bb4.16&#8243; _module_preset=\u00bb22ee8a8f-faa5-4678-aaf7-7c37c4a5f4cc\u00bb custom_margin=\u00bb||0px||false|false\u00bb locked=\u00bboff\u00bb global_colors_info=\u00bb{}\u00bb]<img loading=\"lazy\" decoding=\"async\" src=\"https:\/\/truecare.org\/wp-content\/uploads\/2020\/07\/heart-nospace.svg\" width=\"50\" height=\"50\" alt=\"\" class=\"wp-image-743 alignnone size-full\">[\/et_pb_text][et_pb_divider color=\u00bb#c6c6c6&#8243; _builder_version=\u00bb4.16&#8243; _module_preset=\u00bbdefault\u00bb custom_margin=\u00bb||0px||false|false\u00bb custom_padding=\u00bb20px||20px||false|false\u00bb global_colors_info=\u00bb{}\u00bb][\/et_pb_divider][et_pb_button button_url=\u00bbhttps:\/\/truecare.org\/es\/blog\/category\/eventos\/\u00bb button_text=\u00bbTodos los eventos\u00bb _builder_version=\u00bb4.16&#8243; _module_preset=\u00bb5790d6c4-469d-4fc6-9f94-dc783ce40319&#8243; locked=\u00bboff\u00bb global_colors_info=\u00bb{}\u00bb button_bg_enable_color__hover=\u00bbon\u00bb][\/et_pb_button][\/et_pb_column][\/et_pb_row][\/et_pb_section]<\/p>\n<span class=\"et_bloom_bottom_trigger\"><\/span>","protected":false},"excerpt":{"rendered":"<p>Iniciativas y eventos de recaudaci\u00f3n de fondos TrueCare<span><span><a href=\"https:\/\/truecare.org\/es\/\">Inicio<\/a><\/span><\/span>Salud para todos.Ayudar a respaldar nuestra misi\u00f3n de brindar servicios de atenci\u00f3n m\u00e9dica integrales, asequibles y culturalmente sensibles a las diversas comunidades a [&hellip;]<\/p>\n","protected":false},"author":7,"featured_media":0,"parent":8588,"menu_order":0,"comment_status":"closed","ping_status":"closed","template":"","meta":{"_acf_changed":false,"_et_pb_use_builder":"on","_et_pb_old_content":"","_et_gb_content_width":"","inline_featured_image":false,"footnotes":""},"class_list":["post-8594","page","type-page","status-publish","hentry"],"acf":[],"yoast_head":"<!-- This site is optimized with the Yoast SEO plugin v27.5 - https:\/\/yoast.com\/product\/yoast-seo-wordpress\/ -->\n<title>Iniciativas y eventos de recaudaci\u00f3n de fondos TrueCare<\/title>\n<meta name=\"description\" content=\"Nuestras iniciativas y eventos de recaudaci\u00f3n de fondos son una parte integral de lo que hacemos en TrueCare. \u00a1Aprende m\u00e1s sobre lo que estamos tramando!\" \/>\n<meta name=\"robots\" content=\"index, follow, max-snippet:-1, max-image-preview:large, max-video-preview:-1\" \/>\n<link rel=\"canonical\" href=\"https:\/\/truecare.org\/es\/participe\/iniciativas-y-eventos-de-recaudacion-de-fondos\/\" \/>\n<meta property=\"og:locale\" content=\"es_ES\" \/>\n<meta property=\"og:type\" content=\"article\" \/>\n<meta property=\"og:title\" content=\"Iniciativas y eventos de recaudaci\u00f3n de fondos TrueCare\" \/>\n<meta property=\"og:description\" content=\"Nuestras iniciativas y eventos de recaudaci\u00f3n de fondos son una parte integral de lo que hacemos en TrueCare. \u00a1Aprende m\u00e1s sobre lo que estamos tramando!\" \/>\n<meta property=\"og:site_name\" content=\"TrueCare\" \/>\n<meta property=\"article:publisher\" content=\"https:\/\/www.facebook.com\/healthtruecare\" \/>\n<meta property=\"article:modified_time\" content=\"2025-10-31T22:42:14+00:00\" \/>\n<meta name=\"twitter:card\" content=\"summary_large_image\" \/>\n<meta name=\"twitter:site\" content=\"@healthtruecare\" \/>\n<meta name=\"twitter:label1\" content=\"Tiempo de lectura\" \/>\n\t<meta name=\"twitter:data1\" content=\"23 minutos\" \/>\n<script type=\"application\/ld+json\" class=\"yoast-schema-graph\">{\"@context\":\"https:\\\/\\\/schema.org\",\"@graph\":[{\"@type\":\"WebPage\",\"@id\":\"https:\\\/\\\/truecare.org\\\/es\\\/participe\\\/iniciativas-y-eventos-de-recaudacion-de-fondos\\\/\",\"url\":\"https:\\\/\\\/truecare.org\\\/es\\\/participe\\\/iniciativas-y-eventos-de-recaudacion-de-fondos\\\/\",\"name\":\"Iniciativas y eventos de recaudaci\u00f3n de fondos TrueCare\",\"isPartOf\":{\"@id\":\"https:\\\/\\\/truecare.org\\\/es\\\/#website\"},\"primaryImageOfPage\":{\"@id\":\"https:\\\/\\\/truecare.org\\\/es\\\/participe\\\/iniciativas-y-eventos-de-recaudacion-de-fondos\\\/#primaryimage\"},\"image\":{\"@id\":\"https:\\\/\\\/truecare.org\\\/es\\\/participe\\\/iniciativas-y-eventos-de-recaudacion-de-fondos\\\/#primaryimage\"},\"thumbnailUrl\":\"https:\\\/\\\/truecare.org\\\/wp-content\\\/uploads\\\/2020\\\/07\\\/heart-nospace.svg\",\"datePublished\":\"2020-09-16T20:43:16+00:00\",\"dateModified\":\"2025-10-31T22:42:14+00:00\",\"description\":\"Nuestras iniciativas y eventos de recaudaci\u00f3n de fondos son una parte integral de lo que hacemos en TrueCare. \u00a1Aprende m\u00e1s sobre lo que estamos tramando!\",\"breadcrumb\":{\"@id\":\"https:\\\/\\\/truecare.org\\\/es\\\/participe\\\/iniciativas-y-eventos-de-recaudacion-de-fondos\\\/#breadcrumb\"},\"inLanguage\":\"es\",\"potentialAction\":[{\"@type\":\"ReadAction\",\"target\":[\"https:\\\/\\\/truecare.org\\\/es\\\/participe\\\/iniciativas-y-eventos-de-recaudacion-de-fondos\\\/\"]}]},{\"@type\":\"ImageObject\",\"inLanguage\":\"es\",\"@id\":\"https:\\\/\\\/truecare.org\\\/es\\\/participe\\\/iniciativas-y-eventos-de-recaudacion-de-fondos\\\/#primaryimage\",\"url\":\"https:\\\/\\\/truecare.org\\\/wp-content\\\/uploads\\\/2020\\\/07\\\/heart-nospace.svg\",\"contentUrl\":\"https:\\\/\\\/truecare.org\\\/wp-content\\\/uploads\\\/2020\\\/07\\\/heart-nospace.svg\"},{\"@type\":\"BreadcrumbList\",\"@id\":\"https:\\\/\\\/truecare.org\\\/es\\\/participe\\\/iniciativas-y-eventos-de-recaudacion-de-fondos\\\/#breadcrumb\",\"itemListElement\":[{\"@type\":\"ListItem\",\"position\":1,\"name\":\"Inicio\",\"item\":\"https:\\\/\\\/truecare.org\\\/es\\\/\"},{\"@type\":\"ListItem\",\"position\":2,\"name\":\"Participe\",\"item\":\"https:\\\/\\\/truecare.org\\\/es\\\/participe\\\/\"},{\"@type\":\"ListItem\",\"position\":3,\"name\":\"Iniciativas y eventos de recaudaci\u00f3n de fondos\"}]},{\"@type\":\"WebSite\",\"@id\":\"https:\\\/\\\/truecare.org\\\/es\\\/#website\",\"url\":\"https:\\\/\\\/truecare.org\\\/es\\\/\",\"name\":\"TrueCare\",\"description\":\"Health inside. Welcome in.\",\"publisher\":{\"@id\":\"https:\\\/\\\/truecare.org\\\/es\\\/#organization\"},\"potentialAction\":[{\"@type\":\"SearchAction\",\"target\":{\"@type\":\"EntryPoint\",\"urlTemplate\":\"https:\\\/\\\/truecare.org\\\/es\\\/?s={search_term_string}\"},\"query-input\":{\"@type\":\"PropertyValueSpecification\",\"valueRequired\":true,\"valueName\":\"search_term_string\"}}],\"inLanguage\":\"es\"},{\"@type\":\"Organization\",\"@id\":\"https:\\\/\\\/truecare.org\\\/es\\\/#organization\",\"name\":\"TrueCare\",\"url\":\"https:\\\/\\\/truecare.org\\\/es\\\/\",\"logo\":{\"@type\":\"ImageObject\",\"inLanguage\":\"es\",\"@id\":\"https:\\\/\\\/truecare.org\\\/es\\\/#\\\/schema\\\/logo\\\/image\\\/\",\"url\":\"https:\\\/\\\/truecare.org\\\/wp-content\\\/uploads\\\/truecare-logo-header-205x45-1.svg\",\"contentUrl\":\"https:\\\/\\\/truecare.org\\\/wp-content\\\/uploads\\\/truecare-logo-header-205x45-1.svg\",\"width\":\"1024\",\"height\":\"1024\",\"caption\":\"TrueCare\"},\"image\":{\"@id\":\"https:\\\/\\\/truecare.org\\\/es\\\/#\\\/schema\\\/logo\\\/image\\\/\"},\"sameAs\":[\"https:\\\/\\\/www.facebook.com\\\/healthtruecare\",\"https:\\\/\\\/x.com\\\/healthtruecare\",\"https:\\\/\\\/www.instagram.com\\\/truecare.health\\\/\",\"https:\\\/\\\/www.linkedin.com\\\/company\\\/health-truecare\\\/\",\"https:\\\/\\\/www.youtube.com\\\/channel\\\/UClN83htaiuzCzfzdikXPCTw\",\"https:\\\/\\\/www.pinterest.com\\\/healthtruecare\"]}]}<\/script>\n<!-- \/ Yoast SEO plugin. -->","yoast_head_json":{"title":"Iniciativas y eventos de recaudaci\u00f3n de fondos TrueCare","description":"Nuestras iniciativas y eventos de recaudaci\u00f3n de fondos son una parte integral de lo que hacemos en TrueCare. \u00a1Aprende m\u00e1s sobre lo que estamos tramando!","robots":{"index":"index","follow":"follow","max-snippet":"max-snippet:-1","max-image-preview":"max-image-preview:large","max-video-preview":"max-video-preview:-1"},"canonical":"https:\/\/truecare.org\/es\/participe\/iniciativas-y-eventos-de-recaudacion-de-fondos\/","og_locale":"es_ES","og_type":"article","og_title":"Iniciativas y eventos de recaudaci\u00f3n de fondos TrueCare","og_description":"Nuestras iniciativas y eventos de recaudaci\u00f3n de fondos son una parte integral de lo que hacemos en TrueCare. \u00a1Aprende m\u00e1s sobre lo que estamos tramando!","og_site_name":"TrueCare","article_publisher":"https:\/\/www.facebook.com\/healthtruecare","article_modified_time":"2025-10-31T22:42:14+00:00","twitter_card":"summary_large_image","twitter_site":"@healthtruecare","twitter_misc":{"Tiempo de lectura":"23 minutos"},"schema":{"@context":"https:\/\/schema.org","@graph":[{"@type":"WebPage","@id":"https:\/\/truecare.org\/es\/participe\/iniciativas-y-eventos-de-recaudacion-de-fondos\/","url":"https:\/\/truecare.org\/es\/participe\/iniciativas-y-eventos-de-recaudacion-de-fondos\/","name":"Iniciativas y eventos de recaudaci\u00f3n de fondos TrueCare","isPartOf":{"@id":"https:\/\/truecare.org\/es\/#website"},"primaryImageOfPage":{"@id":"https:\/\/truecare.org\/es\/participe\/iniciativas-y-eventos-de-recaudacion-de-fondos\/#primaryimage"},"image":{"@id":"https:\/\/truecare.org\/es\/participe\/iniciativas-y-eventos-de-recaudacion-de-fondos\/#primaryimage"},"thumbnailUrl":"https:\/\/truecare.org\/wp-content\/uploads\/2020\/07\/heart-nospace.svg","datePublished":"2020-09-16T20:43:16+00:00","dateModified":"2025-10-31T22:42:14+00:00","description":"Nuestras iniciativas y eventos de recaudaci\u00f3n de fondos son una parte integral de lo que hacemos en TrueCare. \u00a1Aprende m\u00e1s sobre lo que estamos tramando!","breadcrumb":{"@id":"https:\/\/truecare.org\/es\/participe\/iniciativas-y-eventos-de-recaudacion-de-fondos\/#breadcrumb"},"inLanguage":"es","potentialAction":[{"@type":"ReadAction","target":["https:\/\/truecare.org\/es\/participe\/iniciativas-y-eventos-de-recaudacion-de-fondos\/"]}]},{"@type":"ImageObject","inLanguage":"es","@id":"https:\/\/truecare.org\/es\/participe\/iniciativas-y-eventos-de-recaudacion-de-fondos\/#primaryimage","url":"https:\/\/truecare.org\/wp-content\/uploads\/2020\/07\/heart-nospace.svg","contentUrl":"https:\/\/truecare.org\/wp-content\/uploads\/2020\/07\/heart-nospace.svg"},{"@type":"BreadcrumbList","@id":"https:\/\/truecare.org\/es\/participe\/iniciativas-y-eventos-de-recaudacion-de-fondos\/#breadcrumb","itemListElement":[{"@type":"ListItem","position":1,"name":"Inicio","item":"https:\/\/truecare.org\/es\/"},{"@type":"ListItem","position":2,"name":"Participe","item":"https:\/\/truecare.org\/es\/participe\/"},{"@type":"ListItem","position":3,"name":"Iniciativas y eventos de recaudaci\u00f3n de fondos"}]},{"@type":"WebSite","@id":"https:\/\/truecare.org\/es\/#website","url":"https:\/\/truecare.org\/es\/","name":"TrueCare","description":"Health inside. Welcome in.","publisher":{"@id":"https:\/\/truecare.org\/es\/#organization"},"potentialAction":[{"@type":"SearchAction","target":{"@type":"EntryPoint","urlTemplate":"https:\/\/truecare.org\/es\/?s={search_term_string}"},"query-input":{"@type":"PropertyValueSpecification","valueRequired":true,"valueName":"search_term_string"}}],"inLanguage":"es"},{"@type":"Organization","@id":"https:\/\/truecare.org\/es\/#organization","name":"TrueCare","url":"https:\/\/truecare.org\/es\/","logo":{"@type":"ImageObject","inLanguage":"es","@id":"https:\/\/truecare.org\/es\/#\/schema\/logo\/image\/","url":"https:\/\/truecare.org\/wp-content\/uploads\/truecare-logo-header-205x45-1.svg","contentUrl":"https:\/\/truecare.org\/wp-content\/uploads\/truecare-logo-header-205x45-1.svg","width":"1024","height":"1024","caption":"TrueCare"},"image":{"@id":"https:\/\/truecare.org\/es\/#\/schema\/logo\/image\/"},"sameAs":["https:\/\/www.facebook.com\/healthtruecare","https:\/\/x.com\/healthtruecare","https:\/\/www.instagram.com\/truecare.health\/","https:\/\/www.linkedin.com\/company\/health-truecare\/","https:\/\/www.youtube.com\/channel\/UClN83htaiuzCzfzdikXPCTw","https:\/\/www.pinterest.com\/healthtruecare"]}]}},"_links":{"self":[{"href":"https:\/\/truecare.org\/es\/wp-json\/wp\/v2\/pages\/8594","targetHints":{"allow":["GET"]}}],"collection":[{"href":"https:\/\/truecare.org\/es\/wp-json\/wp\/v2\/pages"}],"about":[{"href":"https:\/\/truecare.org\/es\/wp-json\/wp\/v2\/types\/page"}],"author":[{"embeddable":true,"href":"https:\/\/truecare.org\/es\/wp-json\/wp\/v2\/users\/7"}],"replies":[{"embeddable":true,"href":"https:\/\/truecare.org\/es\/wp-json\/wp\/v2\/comments?post=8594"}],"version-history":[{"count":51,"href":"https:\/\/truecare.org\/es\/wp-json\/wp\/v2\/pages\/8594\/revisions"}],"predecessor-version":[{"id":48341,"href":"https:\/\/truecare.org\/es\/wp-json\/wp\/v2\/pages\/8594\/revisions\/48341"}],"up":[{"embeddable":true,"href":"https:\/\/truecare.org\/es\/wp-json\/wp\/v2\/pages\/8588"}],"wp:attachment":[{"href":"https:\/\/truecare.org\/es\/wp-json\/wp\/v2\/media?parent=8594"}],"curies":[{"name":"wp","href":"https:\/\/api.w.org\/{rel}","templated":true}]}}